{"id":451,"date":"2021-02-18T16:36:36","date_gmt":"2021-02-18T15:36:36","guid":{"rendered":"http:\/\/www.seelaenderspargeln.ch\/?page_id=451"},"modified":"2023-04-11T10:01:19","modified_gmt":"2023-04-11T09:01:19","slug":"impressum","status":"publish","type":"page","link":"https:\/\/www.seelaenderspargeln.ch\/fr\/impressum\/","title":{"rendered":"Impressum"},"content":{"rendered":"<p>[et_pb_section fb_built=&#187;1&#8243; admin_label=&#187;Hero section&#187; _builder_version=&#187;4.9.1&#8243; use_background_color_gradient=&#187;on&#187; background_color_gradient_start=&#187;rgba(150,105,97,0.67)&#187; background_color_gradient_end=&#187;rgba(2,0,76,0.84)&#187; background_color_gradient_overlays_image=&#187;on&#187; background_image=&#187;https:\/\/www.seelaenderspargeln.ch\/wp-content\/uploads\/2020\/04\/ueber_uns.jpg&#187; background_position=&#187;top_center&#187; custom_margin=&#187;|||&#187; custom_padding=&#187;5%||3%||false|false&#187;][et_pb_row column_structure=&#187;2_3,1_3&#8243; _builder_version=&#187;4.9.0&#8243; custom_margin=&#187;|||&#187;][et_pb_column type=&#187;2_3&#8243; _builder_version=&#187;4.9.0&#8243; custom_padding=&#187;1px|||&#187; custom_padding__hover=&#187;|||&#187;][et_pb_cta title=&#187;Seel\u00e4nderspargeln GmbH&#187; button_text=&#187;Browse Listings&#187; _builder_version=&#187;4.9.1&#8243; header_level=&#187;h1&#8243; header_font=&#187;Lato|900||on|||||&#187; header_font_size=&#187;47px&#187; header_letter_spacing=&#187;2px&#187; header_line_height=&#187;1.2em&#187; body_font=&#187;Lato||||||||&#187; body_font_size=&#187;20px&#187; body_line_height=&#187;1.8em&#187; use_background_color=&#187;off&#187; custom_button=&#187;on&#187; button_text_size=&#187;16px&#187; button_text_color=&#187;#ffffff&#187; button_bg_color=&#187;#fa7f28&#8243; button_border_width=&#187;6px&#187; button_border_color=&#187;#fa7f28&#8243; button_border_radius=&#187;5px&#187; button_letter_spacing=&#187;2px&#187; button_font=&#187;Lato|900||on|||||&#187; text_orientation=&#187;left&#187; max_width=&#187;750px&#187; module_alignment=&#187;left&#187; animation_style=&#187;fold&#187; animation_intensity_fold=&#187;16%&#187; header_font_size_tablet=&#187;46px&#187; header_font_size_phone=&#187;&#187; header_font_size_last_edited=&#187;on|tablet&#187; header_text_shadow_style=&#187;preset1&#8243; header_text_shadow_blur_strength=&#187;0.6em&#187; header_text_shadow_color=&#187;rgba(0,0,0,0.6)&#187; box_shadow_style_button=&#187;preset3&#8243; box_shadow_blur_button=&#187;30px&#187; box_shadow_spread_button=&#187;8px&#187; box_shadow_color_button=&#187;rgba(250,127,40,0.15)&#187; button_letter_spacing_hover=&#187;2px&#187; button_text_size__hover_enabled=&#187;off&#187; button_one_text_size__hover_enabled=&#187;off&#187; button_two_text_size__hover_enabled=&#187;off&#187; button_text_color__hover_enabled=&#187;off&#187; button_one_text_color__hover_enabled=&#187;off&#187; button_two_text_color__hover_enabled=&#187;off&#187; button_border_width__hover_enabled=&#187;off&#187; button_one_border_width__hover_enabled=&#187;off&#187; button_two_border_width__hover_enabled=&#187;off&#187; button_border_color__hover_enabled=&#187;off&#187; button_one_border_color__hover_enabled=&#187;off&#187; button_two_border_color__hover_enabled=&#187;off&#187; button_border_radius__hover_enabled=&#187;off&#187; button_one_border_radius__hover_enabled=&#187;off&#187; button_two_border_radius__hover_enabled=&#187;off&#187; button_letter_spacing__hover_enabled=&#187;on&#187; button_letter_spacing__hover=&#187;2px&#187; button_one_letter_spacing__hover_enabled=&#187;off&#187; button_two_letter_spacing__hover_enabled=&#187;off&#187; button_bg_color__hover_enabled=&#187;off&#187; button_one_bg_color__hover_enabled=&#187;off&#187; button_two_bg_color__hover_enabled=&#187;off&#187;]<\/p>\n<h3><span style=\"text-decoration: underline;\"><strong>Responsable<\/strong><\/span><\/h3>\n<h5><\/h5>\n<h5>Christian Hurni<\/h5>\n<h5>Matthias Moser<\/h5>\n<h5>Christian Dick<\/h5>\n<p>[\/et_pb_cta][\/et_pb_column][et_pb_column type=&#187;1_3&#8243; _builder_version=&#187;3.25&#8243; custom_padding=&#187;|||&#187; custom_padding__hover=&#187;|||&#187;][et_pb_button button_alignment=&#187;left&#187; _builder_version=&#187;4.9.0&#8243; custom_button=&#187;on&#187; button_text_size=&#187;12px&#187; button_text_color=&#187;#3c39e6&#8243; button_bg_color=&#187;#ffffff&#187; button_border_width=&#187;0px&#187; button_border_radius=&#187;3px&#187; button_letter_spacing=&#187;1px&#187; button_font=&#187;Lato|700||on|||||&#187; button_icon=&#187;%%20%%&#187; background_layout=&#187;dark&#187; custom_margin=&#187;|||30px&#187; custom_padding=&#187;8px||8px|&#187; animation_style=&#187;fold&#187; animation_delay=&#187;100ms&#187; button_letter_spacing_hover=&#187;1px&#187; locked=&#187;off&#187; button_text_size__hover_enabled=&#187;off&#187; button_one_text_size__hover_enabled=&#187;off&#187; button_two_text_size__hover_enabled=&#187;off&#187; button_text_color__hover_enabled=&#187;off&#187; button_one_text_color__hover_enabled=&#187;off&#187; button_two_text_color__hover_enabled=&#187;off&#187; button_border_width__hover_enabled=&#187;off&#187; button_one_border_width__hover_enabled=&#187;off&#187; button_two_border_width__hover_enabled=&#187;off&#187; button_border_color__hover_enabled=&#187;off&#187; button_one_border_color__hover_enabled=&#187;off&#187; button_two_border_color__hover_enabled=&#187;off&#187; button_border_radius__hover_enabled=&#187;off&#187; button_one_border_radius__hover_enabled=&#187;off&#187; button_two_border_radius__hover_enabled=&#187;off&#187; button_letter_spacing__hover_enabled=&#187;on&#187; button_letter_spacing__hover=&#187;1px&#187; button_one_letter_spacing__hover_enabled=&#187;off&#187; button_two_letter_spacing__hover_enabled=&#187;off&#187; button_bg_color__hover_enabled=&#187;off&#187; button_one_bg_color__hover_enabled=&#187;off&#187; button_two_bg_color__hover_enabled=&#187;off&#187;][\/et_pb_button][\/et_pb_column][\/et_pb_row][\/et_pb_section][et_pb_section fb_built=&#187;1&#8243; admin_label=&#187;Features&#187; _builder_version=&#187;4.9.1&#8243; use_background_color_gradient=&#187;on&#187; background_color_gradient_start=&#187;#ffffff&#187; background_color_gradient_end=&#187;#e8eefc&#187; min_height=&#187;982.5px&#187; custom_margin=&#187;||-129px||false|false&#187; custom_padding=&#187;40px|0px|80px|0px|false|false&#187;][et_pb_row _builder_version=&#187;4.9.1&#8243; custom_margin=&#187;|||&#187;][et_pb_column type=&#187;4_4&#8243; _builder_version=&#187;3.25&#8243; custom_padding=&#187;|||&#187; custom_padding__hover=&#187;|||&#187;][et_pb_text _builder_version=&#187;4.9.2&#8243; text_font=&#187;Lato||||||||&#187; text_text_color=&#187;#898f99&#8243; text_font_size=&#187;18px&#187; text_line_height=&#187;2em&#187; header_font=&#187;||||||||&#187; header_2_font=&#187;Lato|700|||||||&#187; header_2_font_size=&#187;42px&#187; header_2_line_height=&#187;1.5em&#187; text_orientation=&#187;center&#187; max_width=&#187;800px&#187; module_alignment=&#187;center&#187; locked=&#187;off&#187;]<\/p>\n<p style=\"text-align: left;\"><strong>\u00a0 <span style=\"text-decoration: underline;\">Adresse:<\/span> \u00a0\u00a0\u00a0\u00a0\u00a0\u00a0 Moosgasse 20 \/ 3284 Fr\u00e4schels<\/strong><\/p>\n<p style=\"text-align: left;\"><strong>\u00a0 <span style=\"text-decoration: underline;\">Telefon:<\/span><\/strong><strong> \u00a0\u00a0\u00a0\u00a0\u00a0\u00a0\u00a0 031 755 65 14<\/strong><strong><span style=\"text-decoration: underline;\"><\/span><\/strong><\/p>\n<p>[\/et_pb_text][et_pb_text _builder_version=&#187;4.9.2&#8243; text_font=&#187;Lato||||||||&#187; text_text_color=&#187;#FFFFFF&#187; text_font_size=&#187;18px&#187; text_line_height=&#187;2em&#187; header_font=&#187;||||||||&#187; header_2_font=&#187;Lato|700|||||||&#187; header_2_font_size=&#187;42px&#187; header_2_line_height=&#187;1.5em&#187; background_image=&#187;https:\/\/www.seelaenderspargeln.ch\/wp-content\/uploads\/2021\/03\/emadresse.jpg&#187; background_size=&#187;contain&#187; background_position=&#187;center_left&#187; text_orientation=&#187;center&#187; max_width=&#187;800px&#187; module_alignment=&#187;center&#187; locked=&#187;off&#187;]<\/p>\n<p>w<\/p>\n<p>[\/et_pb_text][\/et_pb_column][\/et_pb_row][et_pb_row column_structure=&#187;1_3,1_3,1_3&#8243; _builder_version=&#187;4.9.1&#8243; max_width=&#187;1440px&#187; custom_margin=&#187;15px||||false|false&#187; custom_padding=&#187;20px||||false|false&#187; use_custom_width=&#187;on&#187; custom_width_px=&#187;1440px&#187;][et_pb_column type=&#187;1_3&#8243; _builder_version=&#187;3.25&#8243; custom_padding=&#187;|||&#187; custom_padding__hover=&#187;|||&#187;][et_pb_blurb title=&#187;Quellenangabe &#187; use_icon=&#187;on&#187; font_icon=&#187;%%265%%&#187; icon_color=&#187;#ffffff&#187; use_circle=&#187;on&#187; use_icon_font_size=&#187;on&#187; icon_font_size=&#187;40px&#187; _builder_version=&#187;4.9.1&#8243; header_font=&#187;Lato|900||on|||||&#187; header_font_size=&#187;15px&#187; header_letter_spacing=&#187;1px&#187; header_line_height=&#187;1.4em&#187; body_font=&#187;Lato||||||||&#187; body_text_color=&#187;#d6d6d6&#8243; body_font_size=&#187;16px&#187; body_line_height=&#187;1.6em&#187; background_color=&#187;#414141&#8243; text_orientation=&#187;center&#187; background_layout=&#187;dark&#187; custom_margin=&#187;|||&#187; custom_padding=&#187;60px|40px|53px|40px|false|false&#187; animation=&#187;off&#187; border_radii=&#187;on|10px|10px|10px|10px&#187; border_color_all=&#187;#a1d82c&#187; border_width_top=&#187;10px&#187; box_shadow_style=&#187;preset2&#8243; box_shadow_horizontal=&#187;0px&#187; box_shadow_blur=&#187;54px&#187; box_shadow_spread=&#187;17px&#187; box_shadow_color=&#187;rgba(0,0,0,0.04)&#187;]<\/p>\n<p style=\"text-align: center;\">Fotos: Seel\u00e4nderspargeln GmbH<\/p>\n<p style=\"text-align: center;\">Texte: Seel\u00e4nderspargeln GmbH<\/p>\n<p style=\"text-align: center;\">Design: Greyweb Kerzers<\/p>\n<p>[\/et_pb_blurb][\/et_pb_column][et_pb_column type=&#187;1_3&#8243; _builder_version=&#187;3.25&#8243; custom_padding=&#187;|||&#187; custom_padding__hover=&#187;|||&#187;][et_pb_blurb title=&#187;Datenschutz&#187; use_icon=&#187;on&#187; font_icon=&#187;%%57%%&#187; icon_color=&#187;#ffffff&#187; use_circle=&#187;on&#187; use_icon_font_size=&#187;on&#187; icon_font_size=&#187;40px&#187; _builder_version=&#187;4.9.2&#8243; header_font=&#187;Lato|900||on|||||&#187; header_font_size=&#187;15px&#187; header_letter_spacing=&#187;1px&#187; header_line_height=&#187;1.4em&#187; body_font=&#187;Lato||||||||&#187; body_text_color=&#187;#d6d6d6&#8243; body_font_size=&#187;16px&#187; body_line_height=&#187;1.6em&#187; background_color=&#187;#414141&#8243; text_orientation=&#187;center&#187; background_layout=&#187;dark&#187; custom_margin=&#187;|||&#187; custom_padding=&#187;60px|40px|60px|40px&#187; animation=&#187;off&#187; hover_enabled=&#187;0&#8243; border_radii=&#187;on|10px|10px|10px|10px&#187; border_color_all=&#187;#a1d82c&#187; border_width_top=&#187;10px&#187; box_shadow_style=&#187;preset2&#8243; box_shadow_horizontal=&#187;0px&#187; box_shadow_blur=&#187;54px&#187; box_shadow_spread=&#187;17px&#187; box_shadow_color=&#187;rgba(0,0,0,0.04)&#187; sticky_enabled=&#187;0&#8243;]<\/p>\n<p style=\"text-align: left;\">La protection de vos donn\u00e9es est tr\u00e8s importante pour nous. Nous nous conformons \u00e0 la loi f\u00e9d\u00e9rale sur la protection des donn\u00e9es.<\/p>\n<p style=\"text-align: center;\"><a href=\"https:\/\/www.seelaenderspargeln.ch\/fr\/datenschutzerklaerung\/\" title=\"D\u00c9CLARATION DE CONFIDENTIALIT\u00c9\">Vers notre charte de confidentialit\u00e9:<\/a><\/p>\n<p>[\/et_pb_blurb][\/et_pb_column][et_pb_column type=&#187;1_3&#8243; _builder_version=&#187;3.25&#8243; custom_padding=&#187;|||&#187; custom_padding__hover=&#187;|||&#187;][et_pb_blurb title=&#187;Copyright&#187; use_icon=&#187;on&#187; font_icon=&#187;%%168%%&#187; icon_color=&#187;#ffffff&#187; use_circle=&#187;on&#187; use_icon_font_size=&#187;on&#187; icon_font_size=&#187;40px&#187; _builder_version=&#187;4.9.2&#8243; header_font=&#187;Lato|900||on|||||&#187; header_font_size=&#187;15px&#187; header_letter_spacing=&#187;1px&#187; header_line_height=&#187;1.4em&#187; body_font=&#187;Lato||||||||&#187; body_text_color=&#187;#d6d6d6&#8243; body_font_size=&#187;16px&#187; body_line_height=&#187;1.6em&#187; background_color=&#187;#414141&#8243; text_orientation=&#187;center&#187; background_layout=&#187;dark&#187; custom_margin=&#187;|||&#187; custom_padding=&#187;60px|40px|60px|40px&#187; animation=&#187;off&#187; border_radii=&#187;on|10px|10px|10px|10px&#187; border_color_all=&#187;#a1d82c&#187; border_width_top=&#187;10px&#187; box_shadow_style=&#187;preset2&#8243; box_shadow_horizontal=&#187;0px&#187; box_shadow_blur=&#187;54px&#187; box_shadow_spread=&#187;17px&#187; box_shadow_color=&#187;rgba(0,0,0,0.04)&#187;]<\/p>\n<p style=\"text-align: left;\">Tous les textes et photos de ce site sont prot\u00e9g\u00e9s par le droit d'auteur. Demandez-nous si vous voulez en utiliser certaines.<\/p>\n<p>[\/et_pb_blurb][\/et_pb_column][\/et_pb_row][\/et_pb_section][et_pb_section fb_built=&#187;1&#8243; admin_label=&#187;Testimonial&#187; _builder_version=&#187;4.9.1&#8243; use_background_color_gradient=&#187;on&#187; background_color_gradient_start=&#187;rgba(150,105,97,0.67)&#187; background_color_gradient_end=&#187;rgba(2,0,76,0.84)&#187; background_color_gradient_overlays_image=&#187;on&#187; background_image=&#187;https:\/\/www.seelaenderspargeln.ch\/wp-content\/uploads\/2021\/03\/Maschinen-einrichten-1.jpg&#187; background_position=&#187;top_center&#187; custom_margin=&#187;|||&#187; custom_padding=&#187;10%|0px|10%|0px|false|false&#187;][et_pb_row _builder_version=&#187;3.25&#8243; custom_margin=&#187;|||&#187;][et_pb_column type=&#187;4_4&#8243; _builder_version=&#187;3.25&#8243; custom_padding=&#187;|||&#187; custom_padding__hover=&#187;|||&#187;][et_pb_cta title=&#187;Mehr \u00fcber uns?&#187; button_url=&#187;@ET-DC@eyJkeW5hbWljIjp0cnVlLCJjb250ZW50IjoicG9zdF9saW5rX3VybF9wYWdlIiwic2V0dGluZ3MiOnsicG9zdF9pZCI6Ijk2NCJ9fQ==@&#187; button_text=&#187;K\u00f6pfe und Geschichte&#187; _builder_version=&#187;4.9.2&#8243; _dynamic_attributes=&#187;button_url&#187; header_font=&#187;Lato|900||on|||||&#187; header_font_size=&#187;48px&#187; header_letter_spacing=&#187;2px&#187; header_line_height=&#187;1.2em&#187; body_font=&#187;Lato||||||||&#187; body_font_size=&#187;20px&#187; body_line_height=&#187;1.8em&#187; use_background_color=&#187;off&#187; custom_button=&#187;on&#187; button_text_size=&#187;16px&#187; button_text_color=&#187;#ffffff&#187; button_bg_color=&#187;#a1d82c&#187; button_border_width=&#187;6px&#187; button_border_color=&#187;#a1d82c&#187; button_border_radius=&#187;5px&#187; button_letter_spacing=&#187;2px&#187; button_font=&#187;Lato|900||on|||||&#187; max_width=&#187;750px&#187; module_alignment=&#187;center&#187; animation_style=&#187;fold&#187; header_font_size_tablet=&#187;40px&#187; header_font_size_phone=&#187;&#187; header_font_size_last_edited=&#187;on|tablet&#187; header_text_shadow_style=&#187;preset1&#8243; header_text_shadow_blur_strength=&#187;0.6em&#187; header_text_shadow_color=&#187;rgba(0,0,0,0.24)&#187; box_shadow_style_button=&#187;preset3&#8243; box_shadow_blur_button=&#187;30px&#187; box_shadow_spread_button=&#187;8px&#187; box_shadow_color_button=&#187;rgba(250,127,40,0.15)&#187; button_letter_spacing_hover=&#187;2px&#187; button_text_size__hover_enabled=&#187;off&#187; button_one_text_size__hover_enabled=&#187;off&#187; button_two_text_size__hover_enabled=&#187;off&#187; button_text_color__hover_enabled=&#187;off&#187; button_one_text_color__hover_enabled=&#187;off&#187; button_two_text_color__hover_enabled=&#187;off&#187; button_border_width__hover_enabled=&#187;off&#187; button_one_border_width__hover_enabled=&#187;off&#187; button_two_border_width__hover_enabled=&#187;off&#187; button_border_color__hover_enabled=&#187;off&#187; button_one_border_color__hover_enabled=&#187;off&#187; button_two_border_color__hover_enabled=&#187;off&#187; button_border_radius__hover_enabled=&#187;off&#187; button_one_border_radius__hover_enabled=&#187;off&#187; button_two_border_radius__hover_enabled=&#187;off&#187; button_letter_spacing__hover_enabled=&#187;on&#187; button_letter_spacing__hover=&#187;2px&#187; button_one_letter_spacing__hover_enabled=&#187;off&#187; button_two_letter_spacing__hover_enabled=&#187;off&#187; button_bg_color__hover_enabled=&#187;off&#187; button_one_bg_color__hover_enabled=&#187;off&#187; button_two_bg_color__hover_enabled=&#187;off&#187;][\/et_pb_cta][\/et_pb_column][\/et_pb_row][\/et_pb_section]<\/p>","protected":false},"excerpt":{"rendered":"<p>[et_pb_section fb_built=&#187;1&#8243; admin_label=&#187;Hero section&#187; _builder_version=&#187;4.9.1&#8243; use_background_color_gradient=&#187;on&#187; background_color_gradient_start=&#187;rgba(150,105,97,0.67)&#187; background_color_gradient_end=&#187;rgba(2,0,76,0.84)&#187; background_color_gradient_overlays_image=&#187;on&#187; background_image=&#187;https:\/\/www.seelaenderspargeln.ch\/wp-content\/uploads\/2020\/04\/ueber_uns.jpg&#187; background_position=&#187;top_center&#187; custom_margin=&#187;|||&#187; custom_padding=&#187;5%||3%||false|false&#187;][et_pb_row column_structure=&#187;2_3,1_3&#8243; _builder_version=&#187;4.9.0&#8243; custom_margin=&#187;|||&#187;][et_pb_column type=&#187;2_3&#8243; _builder_version=&#187;4.9.0&#8243; custom_padding=&#187;1px|||&#187; custom_padding__hover=&#187;|||&#187;][et_pb_cta title=&#187;Seel\u00e4nderspargeln GmbH&#187; button_text=&#187;Browse Listings&#187; _builder_version=&#187;4.9.1&#8243; header_level=&#187;h1&#8243; header_font=&#187;Lato|900||on|||||&#187; header_font_size=&#187;47px&#187; header_letter_spacing=&#187;2px&#187; header_line_height=&#187;1.2em&#187; body_font=&#187;Lato||||||||&#187; body_font_size=&#187;20px&#187; body_line_height=&#187;1.8em&#187; use_background_color=&#187;off&#187; custom_button=&#187;on&#187; button_text_size=&#187;16px&#187; button_text_color=&#187;#ffffff&#187; button_bg_color=&#187;#fa7f28&#8243; button_border_width=&#187;6px&#187; button_border_color=&#187;#fa7f28&#8243; button_border_radius=&#187;5px&#187; button_letter_spacing=&#187;2px&#187; button_font=&#187;Lato|900||on|||||&#187; text_orientation=&#187;left&#187; max_width=&#187;750px&#187; module_alignment=&#187;left&#187; animation_style=&#187;fold&#187; animation_intensity_fold=&#187;16%&#187; header_font_size_tablet=&#187;46px&#187; header_font_size_phone=&#187;&#187; header_font_size_last_edited=&#187;on|tablet&#187; header_text_shadow_style=&#187;preset1&#8243; header_text_shadow_blur_strength=&#187;0.6em&#187; header_text_shadow_color=&#187;rgba(0,0,0,0.6)&#187; box_shadow_style_button=&#187;preset3&#8243; [&hellip;]<\/p>","protected":false},"author":1,"featured_media":0,"parent":0,"menu_order":0,"comment_status":"closed","ping_status":"closed","template":"","meta":{"_et_pb_use_builder":"on","_et_pb_old_content":"","_et_gb_content_width":"","footnotes":""},"yoast_head":"<!-- This site is optimized with the Yoast SEO plugin v21.1 - https:\/\/yoast.com\/wordpress\/plugins\/seo\/ -->\n<title>Impressum - Seel\u00e4nderspargeln<\/title>\n<meta name=\"description\" content=\"Seel\u00e4nderspargeln, die Spargeln aus dem Seeland, aus Fr\u00e4schels, saisonal, regional, frisch.\" \/>\n<meta name=\"robots\" content=\"index, follow, max-snippet:-1, max-image-preview:large, max-video-preview:-1\" \/>\n<link rel=\"canonical\" href=\"https:\/\/www.seelaenderspargeln.ch\/fr\/impressum\/\" \/>\n<meta property=\"og:locale\" content=\"fr_FR\" \/>\n<meta property=\"og:type\" content=\"article\" \/>\n<meta property=\"og:title\" content=\"Impressum - Seel\u00e4nderspargeln\" \/>\n<meta property=\"og:description\" content=\"Seel\u00e4nderspargeln, die Spargeln aus dem Seeland, aus Fr\u00e4schels, saisonal, regional, frisch.\" \/>\n<meta property=\"og:url\" content=\"https:\/\/www.seelaenderspargeln.ch\/fr\/impressum\/\" \/>\n<meta property=\"og:site_name\" content=\"Seel\u00e4nderspargeln\" \/>\n<meta property=\"article:publisher\" content=\"https:\/\/de-de.facebook.com\/Seelaenderspargeln\/\" \/>\n<meta property=\"article:modified_time\" content=\"2023-04-11T09:01:19+00:00\" \/>\n<meta name=\"twitter:card\" content=\"summary_large_image\" \/>\n<meta name=\"twitter:label1\" content=\"Dur\u00e9e de lecture estim\u00e9e\" \/>\n\t<meta name=\"twitter:data1\" content=\"8 minutes\" \/>\n<script type=\"application\/ld+json\" class=\"yoast-schema-graph\">{\"@context\":\"https:\/\/schema.org\",\"@graph\":[{\"@type\":\"WebPage\",\"@id\":\"https:\/\/www.seelaenderspargeln.ch\/impressum\/\",\"url\":\"https:\/\/www.seelaenderspargeln.ch\/impressum\/\",\"name\":\"Impressum - Seel\u00e4nderspargeln\",\"isPartOf\":{\"@id\":\"https:\/\/www.seelaenderspargeln.ch\/#website\"},\"datePublished\":\"2021-02-18T15:36:36+00:00\",\"dateModified\":\"2023-04-11T09:01:19+00:00\",\"description\":\"Seel\u00e4nderspargeln, die Spargeln aus dem Seeland, aus Fr\u00e4schels, saisonal, regional, frisch.\",\"breadcrumb\":{\"@id\":\"https:\/\/www.seelaenderspargeln.ch\/impressum\/#breadcrumb\"},\"inLanguage\":\"fr-FR\",\"potentialAction\":[{\"@type\":\"ReadAction\",\"target\":[\"https:\/\/www.seelaenderspargeln.ch\/impressum\/\"]}]},{\"@type\":\"BreadcrumbList\",\"@id\":\"https:\/\/www.seelaenderspargeln.ch\/impressum\/#breadcrumb\",\"itemListElement\":[{\"@type\":\"ListItem\",\"position\":1,\"name\":\"Home\",\"item\":\"https:\/\/www.seelaenderspargeln.ch\/\"},{\"@type\":\"ListItem\",\"position\":2,\"name\":\"Impressum\"}]},{\"@type\":\"WebSite\",\"@id\":\"https:\/\/www.seelaenderspargeln.ch\/#website\",\"url\":\"https:\/\/www.seelaenderspargeln.ch\/\",\"name\":\"Seel\u00e4nderspargeln\",\"description\":\"Spargeln aus dem Seeland\",\"publisher\":{\"@id\":\"https:\/\/www.seelaenderspargeln.ch\/#organization\"},\"potentialAction\":[{\"@type\":\"SearchAction\",\"target\":{\"@type\":\"EntryPoint\",\"urlTemplate\":\"https:\/\/www.seelaenderspargeln.ch\/?s={search_term_string}\"},\"query-input\":\"required name=search_term_string\"}],\"inLanguage\":\"fr-FR\"},{\"@type\":\"Organization\",\"@id\":\"https:\/\/www.seelaenderspargeln.ch\/#organization\",\"name\":\"Seel\u00e4nderspargeln GmbH\",\"url\":\"https:\/\/www.seelaenderspargeln.ch\/\",\"logo\":{\"@type\":\"ImageObject\",\"inLanguage\":\"fr-FR\",\"@id\":\"https:\/\/www.seelaenderspargeln.ch\/#\/schema\/logo\/image\/\",\"url\":\"https:\/\/www.seelaenderspargeln.ch\/wp-content\/uploads\/2020\/04\/spargellogo4.png\",\"contentUrl\":\"https:\/\/www.seelaenderspargeln.ch\/wp-content\/uploads\/2020\/04\/spargellogo4.png\",\"width\":500,\"height\":165,\"caption\":\"Seel\u00e4nderspargeln GmbH\"},\"image\":{\"@id\":\"https:\/\/www.seelaenderspargeln.ch\/#\/schema\/logo\/image\/\"},\"sameAs\":[\"https:\/\/de-de.facebook.com\/Seelaenderspargeln\/\",\"https:\/\/www.instagram.com\/seelaenderspargeln\/?hl=de\"]}]}<\/script>\n<!-- \/ Yoast SEO plugin. -->","yoast_head_json":{"title":"Impressum - Seel\u00e4nderspargeln","description":"Seel\u00e4nderspargeln, die Spargeln aus dem Seeland, aus Fr\u00e4schels, saisonal, regional, frisch.","robots":{"index":"index","follow":"follow","max-snippet":"max-snippet:-1","max-image-preview":"max-image-preview:large","max-video-preview":"max-video-preview:-1"},"canonical":"https:\/\/www.seelaenderspargeln.ch\/fr\/impressum\/","og_locale":"fr_FR","og_type":"article","og_title":"Impressum - Seel\u00e4nderspargeln","og_description":"Seel\u00e4nderspargeln, die Spargeln aus dem Seeland, aus Fr\u00e4schels, saisonal, regional, frisch.","og_url":"https:\/\/www.seelaenderspargeln.ch\/fr\/impressum\/","og_site_name":"Seel\u00e4nderspargeln","article_publisher":"https:\/\/de-de.facebook.com\/Seelaenderspargeln\/","article_modified_time":"2023-04-11T09:01:19+00:00","twitter_card":"summary_large_image","twitter_misc":{"Dur\u00e9e de lecture estim\u00e9e":"8 minutes"},"schema":{"@context":"https:\/\/schema.org","@graph":[{"@type":"WebPage","@id":"https:\/\/www.seelaenderspargeln.ch\/impressum\/","url":"https:\/\/www.seelaenderspargeln.ch\/impressum\/","name":"Impressum - Seel\u00e4nderspargeln","isPartOf":{"@id":"https:\/\/www.seelaenderspargeln.ch\/#website"},"datePublished":"2021-02-18T15:36:36+00:00","dateModified":"2023-04-11T09:01:19+00:00","description":"Seel\u00e4nderspargeln, die Spargeln aus dem Seeland, aus Fr\u00e4schels, saisonal, regional, frisch.","breadcrumb":{"@id":"https:\/\/www.seelaenderspargeln.ch\/impressum\/#breadcrumb"},"inLanguage":"fr-FR","potentialAction":[{"@type":"ReadAction","target":["https:\/\/www.seelaenderspargeln.ch\/impressum\/"]}]},{"@type":"BreadcrumbList","@id":"https:\/\/www.seelaenderspargeln.ch\/impressum\/#breadcrumb","itemListElement":[{"@type":"ListItem","position":1,"name":"Home","item":"https:\/\/www.seelaenderspargeln.ch\/"},{"@type":"ListItem","position":2,"name":"Impressum"}]},{"@type":"WebSite","@id":"https:\/\/www.seelaenderspargeln.ch\/#website","url":"https:\/\/www.seelaenderspargeln.ch\/","name":"Seel\u00e4nderspargeln","description":"Spargeln aus dem Seeland","publisher":{"@id":"https:\/\/www.seelaenderspargeln.ch\/#organization"},"potentialAction":[{"@type":"SearchAction","target":{"@type":"EntryPoint","urlTemplate":"https:\/\/www.seelaenderspargeln.ch\/?s={search_term_string}"},"query-input":"required name=search_term_string"}],"inLanguage":"fr-FR"},{"@type":"Organization","@id":"https:\/\/www.seelaenderspargeln.ch\/#organization","name":"Seel\u00e4nderspargeln GmbH","url":"https:\/\/www.seelaenderspargeln.ch\/","logo":{"@type":"ImageObject","inLanguage":"fr-FR","@id":"https:\/\/www.seelaenderspargeln.ch\/#\/schema\/logo\/image\/","url":"https:\/\/www.seelaenderspargeln.ch\/wp-content\/uploads\/2020\/04\/spargellogo4.png","contentUrl":"https:\/\/www.seelaenderspargeln.ch\/wp-content\/uploads\/2020\/04\/spargellogo4.png","width":500,"height":165,"caption":"Seel\u00e4nderspargeln GmbH"},"image":{"@id":"https:\/\/www.seelaenderspargeln.ch\/#\/schema\/logo\/image\/"},"sameAs":["https:\/\/de-de.facebook.com\/Seelaenderspargeln\/","https:\/\/www.instagram.com\/seelaenderspargeln\/?hl=de"]}]}},"_links":{"self":[{"href":"https:\/\/www.seelaenderspargeln.ch\/fr\/wp-json\/wp\/v2\/pages\/451"}],"collection":[{"href":"https:\/\/www.seelaenderspargeln.ch\/fr\/wp-json\/wp\/v2\/pages"}],"about":[{"href":"https:\/\/www.seelaenderspargeln.ch\/fr\/wp-json\/wp\/v2\/types\/page"}],"author":[{"embeddable":true,"href":"https:\/\/www.seelaenderspargeln.ch\/fr\/wp-json\/wp\/v2\/users\/1"}],"replies":[{"embeddable":true,"href":"https:\/\/www.seelaenderspargeln.ch\/fr\/wp-json\/wp\/v2\/comments?post=451"}],"version-history":[{"count":40,"href":"https:\/\/www.seelaenderspargeln.ch\/fr\/wp-json\/wp\/v2\/pages\/451\/revisions"}],"predecessor-version":[{"id":1547,"href":"https:\/\/www.seelaenderspargeln.ch\/fr\/wp-json\/wp\/v2\/pages\/451\/revisions\/1547"}],"wp:attachment":[{"href":"https:\/\/www.seelaenderspargeln.ch\/fr\/wp-json\/wp\/v2\/media?parent=451"}],"curies":[{"name":"wp","href":"https:\/\/api.w.org\/{rel}","templated":true}]}}